{"id":18,"date":"2022-06-27T07:15:24","date_gmt":"2022-06-27T07:15:24","guid":{"rendered":"https:\/\/toenisvorster-hilfe.ponten-weber.de\/?page_id=18"},"modified":"2024-03-17T13:11:55","modified_gmt":"2024-03-17T13:11:55","slug":"datenschutz","status":"publish","type":"page","link":"https:\/\/www.toenisvorster-hilfe.de\/?page_id=18","title":{"rendered":"Datenschutzerkl\u00e4rung"},"content":{"rendered":"\n<h2 class=\"wp-block-heading\">Pr\u00e4ambel<\/h2>\n\n\n\n<p>Mit der folgenden Datenschutzerkl\u00e4rung m\u00f6chten wir Sie dar\u00fcber aufkl\u00e4ren, welche Arten Ihrer personenbezogenen Daten (nachfolgend auch kurz als &#8222;Daten&#8220; bezeichnet) wir zu welchen Zwecken und in welchem Umfang verarbeiten. Die Datenschutzerkl\u00e4rung gilt f\u00fcr alle von uns durchgef\u00fchrten Verarbeitungen personenbezogener Daten, sowohl im Rahmen der Erbringung unserer Leistungen als auch insbesondere auf unseren Webseiten, in mobilen Applikationen sowie innerhalb externer Onlinepr\u00e4senzen, wie z.&nbsp;B. unserer Social-Media-Profile (nachfolgend zusammenfassend bezeichnet als &#8222;Onlineangebot&#8220;).<\/p>\n\n\n\n<p>Die verwendeten Begriffe sind nicht geschlechtsspezifisch.<\/p>\n\n\n\n<p>Stand: 17. M\u00e4rz 2024<\/p>\n\n\n\n<h2 class=\"wp-block-heading\">Inhalts\u00fcbersicht<\/h2>\n\n\n\n<ul class=\"wp-block-list\">\n<li><a href=\"#m716\">Pr\u00e4ambel<\/a><\/li>\n\n\n\n<li><a href=\"#m3\">Verantwortlicher<\/a><\/li>\n\n\n\n<li><a href=\"#mOverview\">\u00dcbersicht der Verarbeitungen<\/a><\/li>\n\n\n\n<li><a href=\"#m2427\">Ma\u00dfgebliche Rechtsgrundlagen<\/a><\/li>\n\n\n\n<li><a href=\"#m25\">\u00dcbermittlung von personenbezogenen Daten<\/a><\/li>\n\n\n\n<li><a href=\"#m10\">Rechte der betroffenen Personen<\/a><\/li>\n\n\n\n<li><a href=\"#m354\">Wahrnehmung von Aufgaben nach Satzung oder Gesch\u00e4ftsordnung<\/a><\/li>\n\n\n\n<li><a href=\"#m225\">Bereitstellung des Onlineangebotes und Webhosting<\/a><\/li>\n\n\n\n<li><a href=\"#m134\">Einsatz von Cookies<\/a><\/li>\n\n\n\n<li><a href=\"#m182\">Kontakt- und Anfragenverwaltung<\/a><\/li>\n\n\n\n<li><a href=\"#m638\">Werbliche Kommunikation via E-Mail, Post, Fax oder Telefon<\/a><\/li>\n\n\n\n<li><a href=\"#m263\">Webanalyse, Monitoring und Optimierung<\/a><\/li>\n\n\n\n<li><a href=\"#m328\">Plugins und eingebettete Funktionen sowie Inhalte<\/a><\/li>\n\n\n\n<li><a href=\"#m42\">Begriffsdefinitionen<\/a><\/li>\n<\/ul>\n\n\n\n<h2 class=\"wp-block-heading\" id=\"m3\">Verantwortlicher<\/h2>\n\n\n\n<p>T\u00f6nisvorster Hilfe e. V.<br>Dr. Hanno Speis (Vorsitzender)<br>Gelderner Stra\u00dfe 73<br>47918 T\u00f6nisvorst <\/p>\n\n\n\n<p>E-Mail-Adresse: <a href=\"mailto:info@toenisvorster-hilfe.de\" data-type=\"mailto\" data-id=\"mailto:info@toenisvorster-hilfe.de\">info@toenisvorster-hilfe.de <\/a><br><a href=\"https:\/\/www.toenisvorster-hilfe.de\/?page_id=17\" data-type=\"page\" data-id=\"17\">Impressum<\/a><\/p>\n\n\n\n<h2 class=\"wp-block-heading\" id=\"mOverview\">\u00dcbersicht der Verarbeitungen<\/h2>\n\n\n\n<p>Die nachfolgende \u00dcbersicht fasst die Arten der verarbeiteten Daten und die Zwecke ihrer Verarbeitung zusammen und verweist auf die betroffenen Personen.<\/p>\n\n\n\n<h3 class=\"wp-block-heading\">Arten der verarbeiteten Daten<\/h3>\n\n\n\n<ul class=\"wp-block-list\">\n<li>Bestandsdaten.<\/li>\n\n\n\n<li>Zahlungsdaten.<\/li>\n\n\n\n<li>Standortdaten.<\/li>\n\n\n\n<li>Kontaktdaten.<\/li>\n\n\n\n<li>Inhaltsdaten.<\/li>\n\n\n\n<li>Vertragsdaten.<\/li>\n\n\n\n<li>Nutzungsdaten.<\/li>\n\n\n\n<li>Meta-, Kommunikations- und Verfahrensdaten.<\/li>\n<\/ul>\n\n\n\n<h3 class=\"wp-block-heading\">Kategorien betroffener Personen<\/h3>\n\n\n\n<ul class=\"wp-block-list\">\n<li>Kommunikationspartner.<\/li>\n\n\n\n<li>Nutzer.<\/li>\n\n\n\n<li>Mitglieder.<\/li>\n\n\n\n<li>Gesch\u00e4fts- und Vertragspartner.<\/li>\n<\/ul>\n\n\n\n<h3 class=\"wp-block-heading\">Zwecke der Verarbeitung<\/h3>\n\n\n\n<ul class=\"wp-block-list\">\n<li>Erbringung vertraglicher Leistungen und Erf\u00fcllung vertraglicher Pflichten.<\/li>\n\n\n\n<li>Kontaktanfragen und Kommunikation.<\/li>\n\n\n\n<li>Sicherheitsma\u00dfnahmen.<\/li>\n\n\n\n<li>Direktmarketing.<\/li>\n\n\n\n<li>Reichweitenmessung.<\/li>\n\n\n\n<li>Verwaltung und Beantwortung von Anfragen.<\/li>\n\n\n\n<li>Firewall.<\/li>\n\n\n\n<li>Feedback.<\/li>\n\n\n\n<li>Profile mit nutzerbezogenen Informationen.<\/li>\n\n\n\n<li>Bereitstellung unseres Onlineangebotes und Nutzerfreundlichkeit.<\/li>\n\n\n\n<li>Informationstechnische Infrastruktur.<\/li>\n<\/ul>\n\n\n\n<h2 class=\"wp-block-heading\" id=\"m2427\">Ma\u00dfgebliche Rechtsgrundlagen<\/h2>\n\n\n\n<p><strong>Ma\u00dfgebliche Rechtsgrundlagen nach der DSGVO: <\/strong>Im Folgenden erhalten Sie eine \u00dcbersicht der Rechtsgrundlagen der DSGVO, auf deren Basis wir personenbezogene Daten verarbeiten. Bitte nehmen Sie zur Kenntnis, dass neben den Regelungen der DSGVO nationale Datenschutzvorgaben in Ihrem bzw. unserem Wohn- oder Sitzland gelten k\u00f6nnen. Sollten ferner im Einzelfall speziellere Rechtsgrundlagen ma\u00dfgeblich sein, teilen wir Ihnen diese in der Datenschutzerkl\u00e4rung mit.<\/p>\n\n\n\n<ul class=\"wp-block-list\">\n<li><strong>Einwilligung (Art. 6 Abs. 1 S. 1 lit. a) DSGVO)<\/strong> &#8211; Die betroffene Person hat ihre Einwilligung in die Verarbeitung der sie betreffenden personenbezogenen Daten f\u00fcr einen spezifischen Zweck oder mehrere bestimmte Zwecke gegeben.<\/li>\n\n\n\n<li><strong>Vertragserf\u00fcllung und vorvertragliche Anfragen (Art. 6 Abs. 1 S. 1 lit. b) DSGVO)<\/strong> &#8211; Die Verarbeitung ist f\u00fcr die Erf\u00fcllung eines Vertrags, dessen Vertragspartei die betroffene Person ist, oder zur Durchf\u00fchrung vorvertraglicher Ma\u00dfnahmen erforderlich, die auf Anfrage der betroffenen Person erfolgen.<\/li>\n\n\n\n<li><strong>Berechtigte Interessen (Art. 6 Abs. 1 S. 1 lit. f) DSGVO)<\/strong> &#8211; Die Verarbeitung ist zur Wahrung der berechtigten Interessen des Verantwortlichen oder eines Dritten erforderlich, sofern nicht die Interessen oder Grundrechte und Grundfreiheiten der betroffenen Person, die den Schutz personenbezogener Daten erfordern, \u00fcberwiegen.<\/li>\n<\/ul>\n\n\n\n<p><strong>Nationale Datenschutzregelungen in Deutschland: <\/strong>Zus\u00e4tzlich zu den Datenschutzregelungen der DSGVO gelten nationale Regelungen zum Datenschutz in Deutschland. Hierzu geh\u00f6rt insbesondere das Gesetz zum Schutz vor Missbrauch personenbezogener Daten bei der Datenverarbeitung (Bundesdatenschutzgesetz \u2013 BDSG). Das BDSG enth\u00e4lt insbesondere Spezialregelungen zum Recht auf Auskunft, zum Recht auf L\u00f6schung, zum Widerspruchsrecht, zur Verarbeitung besonderer Kategorien personenbezogener Daten, zur Verarbeitung f\u00fcr andere Zwecke und zur \u00dcbermittlung sowie automatisierten Entscheidungsfindung im Einzelfall einschlie\u00dflich Profiling. Ferner k\u00f6nnen Landesdatenschutzgesetze der einzelnen Bundesl\u00e4nder zur Anwendung gelangen.<\/p>\n\n\n\n<p><strong>Hinweis auf Geltung DSGVO und Schweizer DSG: <\/strong>Diese Datenschutzhinweise dienen sowohl der Informationserteilung nach dem schweizerischen Bundesgesetz \u00fcber den Datenschutz (Schweizer DSG) als auch nach der Datenschutzgrundverordnung (DSGVO). Aus diesem Grund bitten wir Sie zu beachten, dass aufgrund der breiteren r\u00e4umlichen Anwendung und Verst\u00e4ndlichkeit die Begriffe der DSGVO verwendet werden. Insbesondere statt der im Schweizer DSG verwendeten Begriffe \u201eBearbeitung&#8220; von \u201ePersonendaten&#8220;, &#8222;\u00fcberwiegendes Interesse&#8220; und &#8222;besonders sch\u00fctzenswerte Personendaten&#8220; werden die in der DSGVO verwendeten Begriffe \u201eVerarbeitung&#8220; von \u201epersonenbezogenen Daten&#8220; sowie &#8222;berechtigtes Interesse&#8220; und &#8222;besondere Kategorien von Daten&#8220; verwendet. Die gesetzliche Bedeutung der Begriffe wird jedoch im Rahmen der Geltung des Schweizer DSG weiterhin nach dem Schweizer DSG bestimmt.<\/p>\n\n\n\n<h2 class=\"wp-block-heading\" id=\"m25\">\u00dcbermittlung von personenbezogenen Daten<\/h2>\n\n\n\n<p>Im Rahmen unserer Verarbeitung von personenbezogenen Daten kommt es vor, dass die Daten an andere Stellen, Unternehmen, rechtlich selbstst\u00e4ndige Organisationseinheiten oder Personen \u00fcbermittelt oder sie ihnen gegen\u00fcber offengelegt werden. Zu den Empf\u00e4ngern dieser Daten k\u00f6nnen z.&nbsp;B. mit IT-Aufgaben beauftragte Dienstleister oder Anbieter von Diensten und Inhalten, die in eine Webseite eingebunden werden, geh\u00f6ren. In solchen F\u00e4llen beachten wir die gesetzlichen Vorgaben und schlie\u00dfen insbesondere entsprechende Vertr\u00e4ge bzw. Vereinbarungen, die dem Schutz Ihrer Daten dienen, mit den Empf\u00e4ngern Ihrer Daten ab.<\/p>\n\n\n\n<p>Daten\u00fcbermittlung innerhalb der Organisation: Wir k\u00f6nnen personenbezogene Daten an andere Stellen innerhalb unserer Organisation \u00fcbermitteln oder ihnen den Zugriff auf diese Daten gew\u00e4hren. Sofern diese Weitergabe zu administrativen Zwecken erfolgt, beruht die Weitergabe der Daten auf unseren berechtigten unternehmerischen und betriebswirtschaftlichen Interessen oder erfolgt, sofern sie Erf\u00fcllung unserer vertragsbezogenen Verpflichtungen erforderlich ist oder wenn eine Einwilligung der Betroffenen oder eine gesetzliche Erlaubnis vorliegt.<\/p>\n\n\n\n<h2 class=\"wp-block-heading\" id=\"m10\">Rechte der betroffenen Personen<\/h2>\n\n\n\n<p>Rechte der betroffenen Personen aus der DSGVO: Ihnen stehen als Betroffene nach der DSGVO verschiedene Rechte zu, die sich insbesondere aus Art. 15 bis 21 DSGVO ergeben:<\/p>\n\n\n\n<ul class=\"wp-block-list\">\n<li><strong>Widerspruchsrecht: Sie haben das Recht, aus Gr\u00fcnden, die sich aus Ihrer besonderen Situation ergeben, jederzeit gegen die Verarbeitung der Sie betreffenden personenbezogenen Daten, die aufgrund von Art. 6 Abs. 1 lit. e oder f DSGVO erfolgt, Widerspruch einzulegen; dies gilt auch f\u00fcr ein auf diese Bestimmungen gest\u00fctztes Profiling. Werden die Sie betreffenden personenbezogenen Daten verarbeitet, um Direktwerbung zu betreiben, haben Sie das Recht, jederzeit Widerspruch gegen die Verarbeitung der Sie betreffenden personenbezogenen Daten zum Zwecke derartiger Werbung einzulegen; dies gilt auch f\u00fcr das Profiling, soweit es mit solcher Direktwerbung in Verbindung steht.<\/strong><\/li>\n\n\n\n<li><strong>Widerrufsrecht bei Einwilligungen:<\/strong> Sie haben das Recht, erteilte Einwilligungen jederzeit zu widerrufen.<\/li>\n\n\n\n<li><strong>Auskunftsrecht:<\/strong> Sie haben das Recht, eine Best\u00e4tigung dar\u00fcber zu verlangen, ob betreffende Daten verarbeitet werden und auf Auskunft \u00fcber diese Daten sowie auf weitere Informationen und Kopie der Daten entsprechend den gesetzlichen Vorgaben.<\/li>\n\n\n\n<li><strong>Recht auf Berichtigung:<\/strong> Sie haben entsprechend den gesetzlichen Vorgaben das Recht, die Vervollst\u00e4ndigung der Sie betreffenden Daten oder die Berichtigung der Sie betreffenden unrichtigen Daten zu verlangen.<\/li>\n\n\n\n<li><strong>Recht auf L\u00f6schung und Einschr\u00e4nkung der Verarbeitung:<\/strong> Sie haben nach Ma\u00dfgabe der gesetzlichen Vorgaben das Recht, zu verlangen, dass Sie betreffende Daten unverz\u00fcglich gel\u00f6scht werden, bzw. alternativ nach Ma\u00dfgabe der gesetzlichen Vorgaben eine Einschr\u00e4nkung der Verarbeitung der Daten zu verlangen.<\/li>\n\n\n\n<li><strong>Recht auf Daten\u00fcbertragbarkeit:<\/strong> Sie haben das Recht, Sie betreffende Daten, die Sie uns bereitgestellt haben, nach Ma\u00dfgabe der gesetzlichen Vorgaben in einem strukturierten, g\u00e4ngigen und maschinenlesbaren Format zu erhalten oder deren \u00dcbermittlung an einen anderen Verantwortlichen zu fordern.<\/li>\n\n\n\n<li><strong>Beschwerde bei Aufsichtsbeh\u00f6rde:<\/strong> Sie haben unbeschadet eines anderweitigen verwaltungsrechtlichen oder gerichtlichen Rechtsbehelfs das Recht auf Beschwerde bei einer Aufsichtsbeh\u00f6rde, insbesondere in dem Mitgliedstaat ihres gew\u00f6hnlichen Aufenthaltsorts, ihres Arbeitsplatzes oder des Orts des mutma\u00dflichen Versto\u00dfes, wenn Sie der Ansicht sind, dass die Verarbeitung der Sie betreffenden personenbezogenen Daten gegen die Vorgaben der DSGVO verst\u00f6\u00dft.<\/li>\n<\/ul>\n\n\n\n<h2 class=\"wp-block-heading\" id=\"m354\">Wahrnehmung von Aufgaben nach Satzung oder Gesch\u00e4ftsordnung<\/h2>\n\n\n\n<p>Wir verarbeiten die Daten unserer Mitglieder, Unterst\u00fctzer, Interessenten, Gesch\u00e4ftspartner oder sonstiger Personen (Zusammenfassend &#8222;Betroffene&#8220;), wenn wir mit ihnen in einem Mitgliedschafts- oder sonstigem gesch\u00e4ftlichen Verh\u00e4ltnis stehen und unsere Aufgaben wahrnehmen sowie Empf\u00e4nger von Leistungen und Zuwendungen sind. Im \u00dcbrigen verarbeiten wir die Daten Betroffener auf Grundlage unserer berechtigten Interessen, z.&nbsp;B. wenn es sich um administrative Aufgaben oder \u00d6ffentlichkeitsarbeit handelt.<\/p>\n\n\n\n<p>Die hierbei verarbeiteten Daten, die Art, der Umfang und der Zweck und die Erforderlichkeit ihrer Verarbeitung, bestimmen sich nach dem zugrundeliegenden Mitgliedschafts- oder Vertragsverh\u00e4ltnis, aus dem sich auch die Erforderlichkeit etwaiger Datenangaben ergeben (im \u00dcbrigen weisen wir auf erforderliche Daten hin).<\/p>\n\n\n\n<p>Wir l\u00f6schen Daten, die zur Erbringung unserer satzungs- und gesch\u00e4ftsm\u00e4\u00dfigen Zwecke nicht mehr erforderlich sind. Dies bestimmt sich entsprechend der jeweiligen Aufgaben und vertraglichen Beziehungen. Wir bewahren die Daten so lange auf, wie sie zur Gesch\u00e4ftsabwicklung, als auch im Hinblick auf etwaige Gew\u00e4hrleistungs- oder Haftungspflichten auf Grundlage unserer berechtigten Interesse an deren Regelung relevant sein k\u00f6nnen. Die Erforderlichkeit der Aufbewahrung der Daten wird regelm\u00e4\u00dfig \u00fcberpr\u00fcft; im \u00dcbrigen gelten die gesetzlichen Aufbewahrungspflichten.<\/p>\n\n\n\n<ul class=\"wp-block-list\">\n<li><strong>Verarbeitete Datenarten:<\/strong> Bestandsdaten (z.&nbsp;B. Namen, Adressen); Zahlungsdaten (z.&nbsp;B. Bankverbindungen, Rechnungen, Zahlungshistorie); Kontaktdaten (z.&nbsp;B. E-Mail, Telefonnummern). Vertragsdaten (z.&nbsp;B. Vertragsgegenstand, Laufzeit, Kundenkategorie).<\/li>\n\n\n\n<li><strong>Betroffene Personen:<\/strong> Nutzer (z.&nbsp;B. Webseitenbesucher, Nutzer von Onlinediensten); Mitglieder. Gesch\u00e4fts- und Vertragspartner.<\/li>\n\n\n\n<li><strong>Zwecke der Verarbeitung:<\/strong> Erbringung vertraglicher Leistungen und Erf\u00fcllung vertraglicher Pflichten; Kontaktanfragen und Kommunikation. Verwaltung und Beantwortung von Anfragen.<\/li>\n\n\n\n<li><strong>Rechtsgrundlagen:<\/strong> Vertragserf\u00fcllung und vorvertragliche Anfragen (Art. 6 Abs. 1 S. 1 lit. b) DSGVO). Berechtigte Interessen (Art. 6 Abs. 1 S. 1 lit. f) DSGVO).<\/li>\n<\/ul>\n\n\n\n<h2 class=\"wp-block-heading\" id=\"m225\">Bereitstellung des Onlineangebotes und Webhosting<\/h2>\n\n\n\n<p>Wir verarbeiten die Daten der Nutzer, um ihnen unsere Online-Dienste zur Verf\u00fcgung stellen zu k\u00f6nnen. Zu diesem Zweck verarbeiten wir die IP-Adresse des Nutzers, die notwendig ist, um die Inhalte und Funktionen unserer Online-Dienste an den Browser oder das Endger\u00e4t der Nutzer zu \u00fcbermitteln.<\/p>\n\n\n\n<ul class=\"wp-block-list\">\n<li><strong>Verarbeitete Datenarten:<\/strong> Nutzungsdaten (z.&nbsp;B. besuchte Webseiten, Interesse an Inhalten, Zugriffszeiten); Meta-, Kommunikations- und Verfahrensdaten (z.&nbsp;B. IP-Adressen, Zeitangaben, Identifikationsnummern, Einwilligungsstatus). Inhaltsdaten (z.&nbsp;B. Eingaben in Onlineformularen).<\/li>\n\n\n\n<li><strong>Betroffene Personen:<\/strong> Nutzer (z.&nbsp;B. Webseitenbesucher, Nutzer von Onlinediensten).<\/li>\n\n\n\n<li><strong>Zwecke der Verarbeitung:<\/strong> Bereitstellung unseres Onlineangebotes und Nutzerfreundlichkeit; Informationstechnische Infrastruktur (Betrieb und Bereitstellung von Informationssystemen und technischen Ger\u00e4ten (Computer, Server etc.).); Sicherheitsma\u00dfnahmen. Firewall.<\/li>\n\n\n\n<li><strong>Rechtsgrundlagen:<\/strong> Berechtigte Interessen (Art. 6 Abs. 1 S. 1 lit. f) DSGVO).<\/li>\n<\/ul>\n\n\n\n<p><strong>Weitere Hinweise zu Verarbeitungsprozessen, Verfahren und Diensten:<\/strong><\/p>\n\n\n\n<ul class=\"wp-block-list\">\n<li><strong>Bereitstellung Onlineangebot auf gemietetem Speicherplatz: <\/strong>F\u00fcr die Bereitstellung unseres Onlineangebotes nutzen wir Speicherplatz, Rechenkapazit\u00e4t und Software, die wir von einem entsprechenden Serveranbieter (auch &#8222;Webhoster&#8220; genannt) mieten oder anderweitig beziehen; <strong>Rechtsgrundlagen:<\/strong> Berechtigte Interessen (Art. 6 Abs. 1 S. 1 lit. f) DSGVO).<\/li>\n\n\n\n<li><strong>Erhebung von Zugriffsdaten und Logfiles: <\/strong>Der Zugriff auf unser Onlineangebot wird in Form von so genannten &#8222;Server-Logfiles&#8220; protokolliert. Zu den Serverlogfiles k\u00f6nnen die Adresse und Name der abgerufenen Webseiten und Dateien, Datum und Uhrzeit des Abrufs, \u00fcbertragene Datenmengen, Meldung \u00fcber erfolgreichen Abruf, Browsertyp nebst Version, das Betriebssystem des Nutzers, Referrer URL (die zuvor besuchte Seite) und im Regelfall IP-Adressen und der anfragende Provider geh\u00f6ren. Die Serverlogfiles k\u00f6nnen zum einen zu Zwecken der Sicherheit eingesetzt werden, z.&nbsp;B., um eine \u00dcberlastung der Server zu vermeiden (insbesondere im Fall von missbr\u00e4uchlichen Angriffen, sogenannten DDoS-Attacken) und zum anderen, um die Auslastung der Server und ihre Stabilit\u00e4t sicherzustellen; <strong>Rechtsgrundlagen:<\/strong> Berechtigte Interessen (Art. 6 Abs. 1 S. 1 lit. f) DSGVO). <strong>L\u00f6schung von Daten:<\/strong> Logfile-Informationen werden f\u00fcr die Dauer von maximal 30 Tagen gespeichert und danach gel\u00f6scht oder anonymisiert. Daten, deren weitere Aufbewahrung zu Beweiszwecken erforderlich ist, sind bis zur endg\u00fcltigen Kl\u00e4rung des jeweiligen Vorfalls von der L\u00f6schung ausgenommen.<\/li>\n\n\n\n<li><strong>E-Mail-Versand und -Hosting: <\/strong>Die von uns in Anspruch genommenen Webhosting-Leistungen umfassen ebenfalls den Versand, den Empfang sowie die Speicherung von E-Mails. Zu diesen Zwecken werden die Adressen der Empf\u00e4nger sowie Absender als auch weitere Informationen betreffend den E-Mailversand (z.&nbsp;B. die beteiligten Provider) sowie die Inhalte der jeweiligen E-Mails verarbeitet. Die vorgenannten Daten k\u00f6nnen ferner zu Zwecken der Erkennung von SPAM verarbeitet werden. Wir bitten darum, zu beachten, dass E-Mails im Internet grunds\u00e4tzlich nicht verschl\u00fcsselt versendet werden. Im Regelfall werden E-Mails zwar auf dem Transportweg verschl\u00fcsselt, aber (sofern kein sogenanntes Ende-zu-Ende-Verschl\u00fcsselungsverfahren eingesetzt wird) nicht auf den Servern, von denen sie abgesendet und empfangen werden. Wir k\u00f6nnen daher f\u00fcr den \u00dcbertragungsweg der E-Mails zwischen dem Absender und dem Empfang auf unserem Server keine Verantwortung \u00fcbernehmen; <strong>Rechtsgrundlagen:<\/strong> Berechtigte Interessen (Art. 6 Abs. 1 S. 1 lit. f) DSGVO).<\/li>\n\n\n\n<li><strong>Content-Delivery-Network: <\/strong>Wir setzen ein &#8222;Content-Delivery-Network&#8220; (CDN) ein. Ein CDN ist ein Dienst, mit dessen Hilfe Inhalte eines Onlineangebotes, insbesondere gro\u00dfe Mediendateien, wie Grafiken oder Programm-Skripte, mit Hilfe regional verteilter und \u00fcber das Internet verbundener Server schneller und sicherer ausgeliefert werden k\u00f6nnen; <strong>Rechtsgrundlagen:<\/strong> Berechtigte Interessen (Art. 6 Abs. 1 S. 1 lit. f) DSGVO).<\/li>\n\n\n\n<li><strong>WordPress.com: <\/strong>Hosting und Software f\u00fcr die Erstellung, Bereitstellung und den Betrieb von Websites, Blogs und anderen Onlineangeboten; <strong>Dienstanbieter:<\/strong> Aut O\u2019Mattic A8C Irland Ltd., Grand Canal Dock, 25 Herbert Pl, Dublin, D02 AY86, Irland; <strong>Rechtsgrundlagen:<\/strong> Berechtigte Interessen (Art. 6 Abs. 1 S. 1 lit. f) DSGVO); <strong>Website:<\/strong> <a href=\"https:\/\/wordpress.com\" target=\"_blank\" rel=\"noreferrer noopener\">https:\/\/wordpress.com<\/a>; <strong>Datenschutzerkl\u00e4rung:<\/strong> <a href=\"https:\/\/automattic.com\/de\/privacy\/\" target=\"_blank\" rel=\"noreferrer noopener\">https:\/\/automattic.com\/de\/privacy\/<\/a>; <strong>Auftragsverarbeitungsvertrag:<\/strong> <a href=\"https:\/\/wordpress.com\/support\/data-processing-agreements\/\" target=\"_blank\" rel=\"noreferrer noopener\">https:\/\/wordpress.com\/support\/data-processing-agreements\/<\/a>. <strong>Grundlage Drittlandtransfers:<\/strong> Data Privacy Framework (DPF).<\/li>\n\n\n\n<li><strong>Wordfence: <\/strong>Firewall- und Sicherheits- sowie Fehlererkennungsfunktionen, um unberechtigte Zugriffsversuche sowie technische Schwachstellen, die einen solchen Zugriff erm\u00f6glichen k\u00f6nnten, zu erkennen und zu verhindern. Zu diesen Zwecken k\u00f6nnen Cookies und \u00e4hnliche, f\u00fcr diesen Zweck erforderliche Speicherverfahren eingesetzt und Sicherheitsprotokolle w\u00e4hrend der Pr\u00fcfung und insbesondere im Falle eines unberechtigten Zugriffs erstellt werden. In diesem Zusammenhang werden die IP-Adressen der Nutzer, eine Nutzer-Identifikationsnummer und deren Aktivit\u00e4ten einschlie\u00dflich des Zeitpunkts des Zugriffs verarbeitet und gespeichert sowie mit den vom Anbieter der Firewall- und Sicherheitsfunktion bereitgestellten Daten abgeglichen und an diesen \u00fcbermittelt; <strong>Dienstanbieter:<\/strong> Defiant, Inc., 800 5th Ave Ste 4100, Seattle, WA 98104, USA; <strong>Rechtsgrundlagen:<\/strong> Berechtigte Interessen (Art. 6 Abs. 1 S. 1 lit. f) DSGVO); <strong>Website:<\/strong> <a href=\"https:\/\/www.wordfence.com\" target=\"_blank\" rel=\"noreferrer noopener\">https:\/\/www.wordfence.com<\/a>; <strong>Datenschutzerkl\u00e4rung:<\/strong> <a href=\"https:\/\/www.wordfence.com\/privacy-policy\/\" target=\"_blank\" rel=\"noreferrer noopener\">https:\/\/www.wordfence.com\/privacy-policy\/<\/a>; <strong>Grundlage Drittlandtransfers:<\/strong> Standardvertragsklauseln (<a href=\"https:\/\/www.wordfence.com\/standard-contractual-clauses\/\" target=\"_blank\" rel=\"noreferrer noopener\">https:\/\/www.wordfence.com\/standard-contractual-clauses\/<\/a>). <strong>Weitere Informationen:<\/strong> <a href=\"https:\/\/www.wordfence.com\/help\/general-data-protection-regulation\/\" target=\"_blank\" rel=\"noreferrer noopener\">https:\/\/www.wordfence.com\/help\/general-data-protection-regulation\/<\/a>.<\/li>\n<\/ul>\n\n\n\n<h2 class=\"wp-block-heading\" id=\"m134\">Einsatz von Cookies<\/h2>\n\n\n\n<p>Cookies sind kleine Textdateien, bzw. sonstige Speichervermerke, die Informationen auf Endger\u00e4ten speichern und Informationen aus den Endger\u00e4ten auslesen. Z.&nbsp;B. um den Login-Status in einem Nutzerkonto, einen Warenkorbinhalt in einem E-Shop, die aufgerufenen Inhalte oder verwendete Funktionen eines Onlineangebotes speichern. Cookies k\u00f6nnen ferner zu unterschiedlichen Zwecken eingesetzt werden, z.&nbsp;B. zu Zwecken der Funktionsf\u00e4higkeit, Sicherheit und Komfort von Onlineangeboten sowie der Erstellung von Analysen der Besucherstr\u00f6me.<\/p>\n\n\n\n<p><strong>Hinweise zur Einwilligung: <\/strong>Wir setzen Cookies im Einklang mit den gesetzlichen Vorschriften ein. Daher holen wir von den Nutzern eine vorhergehende Einwilligung ein, au\u00dfer wenn diese gesetzlich nicht gefordert ist. Eine Einwilligung ist insbesondere nicht notwendig, wenn das Speichern und das Auslesen der Informationen, also auch von Cookies, unbedingt erforderlich sind, um dem den Nutzern einen von ihnen ausdr\u00fccklich gew\u00fcnschten Telemediendienst (also unser Onlineangebot) zur Verf\u00fcgung zu stellen. Zu den unbedingt erforderlichen Cookies geh\u00f6ren in der Regel Cookies mit Funktionen, die der Anzeige und Lauff\u00e4higkeit des Onlineangebotes , dem Lastausgleich, der Sicherheit, der Speicherung der Pr\u00e4ferenzen und Auswahlm\u00f6glichkeiten der Nutzer oder \u00e4hnlichen mit der Bereitstellung der Haupt- und Nebenfunktionen des von den Nutzern angeforderten Onlineangebotes zusammenh\u00e4ngenden Zwecken dienen. Die widerrufliche Einwilligung wird gegen\u00fcber den Nutzern deutlich kommuniziert und enth\u00e4lt die Informationen zu der jeweiligen Cookie-Nutzung.<\/p>\n\n\n\n<p><strong>Hinweise zu datenschutzrechtlichen Rechtsgrundlagen: <\/strong>Auf welcher datenschutzrechtlichen Rechtsgrundlage wir die personenbezogenen Daten der Nutzer mit Hilfe von Cookies verarbeiten, h\u00e4ngt davon ab, ob wir Nutzer um eine Einwilligung bitten. Falls die Nutzer einwilligen, ist die Rechtsgrundlage der Verarbeitung Ihrer Daten die erkl\u00e4rte Einwilligung. Andernfalls werden die mithilfe von Cookies verarbeiteten Daten auf Grundlage unserer berechtigten Interessen (z.&nbsp;B. an einem betriebswirtschaftlichen Betrieb unseres Onlineangebotes und Verbesserung seiner Nutzbarkeit) verarbeitet oder, wenn dies im Rahmen der Erf\u00fcllung unserer vertraglichen Pflichten erfolgt, wenn der Einsatz von Cookies erforderlich ist, um unsere vertraglichen Verpflichtungen zu erf\u00fcllen. Zu welchen Zwecken die Cookies von uns verarbeitet werden, dar\u00fcber kl\u00e4ren wir im Laufe dieser Datenschutzerkl\u00e4rung oder im Rahmen von unseren Einwilligungs- und Verarbeitungsprozessen auf.<\/p>\n\n\n\n<p><strong>Speicherdauer:&nbsp;<\/strong>Im Hinblick auf die Speicherdauer werden die folgenden Arten von Cookies unterschieden:<\/p>\n\n\n\n<ul class=\"wp-block-list\">\n<li><strong>Tempor\u00e4re Cookies (auch: Session- oder Sitzungs-Cookies):<\/strong>&nbsp;Tempor\u00e4re Cookies werden sp\u00e4testens gel\u00f6scht, nachdem ein Nutzer ein Online-Angebot verlassen und sein Endger\u00e4t (z.&nbsp;B. Browser oder mobile Applikation) geschlossen hat.<\/li>\n\n\n\n<li><strong>Permanente Cookies:<\/strong> Permanente Cookies bleiben auch nach dem Schlie\u00dfen des Endger\u00e4tes gespeichert. So k\u00f6nnen beispielsweise der Login-Status gespeichert oder bevorzugte Inhalte direkt angezeigt werden, wenn der Nutzer eine Website erneut besucht. Ebenso k\u00f6nnen die mit Hilfe von Cookies erhobenen Daten der Nutzer zur Reichweitenmessung verwendet werden. Sofern wir Nutzern&nbsp;keine expliziten Angaben zur Art und Speicherdauer von Cookies mitteilen (z.&nbsp;B. im Rahmen der Einholung der Einwilligung), sollten Nutzer davon ausgehen, dass Cookies permanent sind und die Speicherdauer bis zu zwei Jahre betragen kann.<\/li>\n<\/ul>\n\n\n\n<p><strong>Allgemeine Hinweise zum Widerruf und Widerspruch (sog. &#8222;Opt-Out&#8220;): <\/strong>Nutzer k\u00f6nnen die von ihnen abgegebenen Einwilligungen jederzeit widerrufen und der Verarbeitung entsprechend den gesetzlichen Vorgaben widersprechen. Hierzu k\u00f6nnen Nutzer unter anderem die Verwendung von Cookies in den Einstellungen ihres Browsers einschr\u00e4nken (wobei dadurch auch die Funktionalit\u00e4t unseres Onlineangebotes eingeschr\u00e4nkt sein kann). Ein Widerspruch gegen die Verwendung von Cookies zu Online-Marketing-Zwecken kann auch \u00fcber die Websites <a href=\"https:\/\/optout.aboutads.info\/\" target=\"_blank\" rel=\"noopener\">https:\/\/optout.aboutads.info<\/a> und <a href=\"https:\/\/www.youronlinechoices.com\/\" target=\"_blank\" rel=\"noopener\">https:\/\/www.youronlinechoices.com\/<\/a> erkl\u00e4rt werden.<\/p>\n\n\n\n<ul class=\"wp-block-list\">\n<li><strong>Rechtsgrundlagen:<\/strong> Berechtigte Interessen (Art. 6 Abs. 1 S. 1 lit. f) DSGVO). Einwilligung (Art. 6 Abs. 1 S. 1 lit. a) DSGVO).<\/li>\n<\/ul>\n\n\n\n<p><strong>Weitere Hinweise zu Verarbeitungsprozessen, Verfahren und Diensten:<\/strong><\/p>\n\n\n\n<ul class=\"wp-block-list\">\n<li><strong>Verarbeitung von Cookie-Daten auf Grundlage einer Einwilligung: <\/strong>Wir setzen eine Einwilligungs-Management-L\u00f6sung ein, bei der die Einwilligung der Nutzer zur Verwendung von Cookies oder zu den im Rahmen der Einwilligungs-Management-L\u00f6sung genannten Verfahren und Anbietern eingeholt wird. Dieses Verfahren dient der Einholung, Protokollierung, Verwaltung und dem Widerruf von Einwilligungen, insbesondere bezogen auf den Einsatz von Cookies und vergleichbaren Technologien, die zur Speicherung, zum Auslesen und zur Verarbeitung von Informationen auf den Endger\u00e4ten der Nutzer eingesetzt werden. Im Rahmen dieses Verfahrens werden die Einwilligungen der Nutzer f\u00fcr die Nutzung von Cookies und die damit verbundenen Verarbeitungen von Informationen, einschlie\u00dflich der im Einwilligungs-Management-Verfahren genannten spezifischen Verarbeitungen und Anbieter, eingeholt. Die Nutzer haben zudem die M\u00f6glichkeit, ihre Einwilligungen zu verwalten und zu widerrufen. Die Einwilligungserkl\u00e4rungen werden gespeichert, um eine erneute Abfrage zu vermeiden und den Nachweis der Einwilligung gem\u00e4\u00df der gesetzlichen Anforderungen f\u00fchren zu k\u00f6nnen. Die Speicherung erfolgt serverseitig und\/oder in einem Cookie (sogenanntes Opt-In-Cookie) oder mittels vergleichbarer Technologien, um die Einwilligung einem spezifischen Nutzer oder dessen Ger\u00e4t zuordnen zu k\u00f6nnen. Sofern keine spezifischen Angaben zu den Anbietern von Einwilligungs-Management-Diensten vorliegen, gelten folgende allgemeine Hinweise: Die Dauer der Speicherung der Einwilligung betr\u00e4gt bis zu zwei Jahre. Dabei wird ein pseudonymer Nutzer-Identifikator erstellt, der zusammen mit dem Zeitpunkt der Einwilligung, den Angaben zum Umfang der Einwilligung (z.&nbsp;B. betreffende Kategorien von Cookies und\/oder Diensteanbieter) sowie Informationen \u00fcber den Browser, das System und das verwendete Endger\u00e4t gespeichert wird; <strong>Rechtsgrundlagen:<\/strong> Einwilligung (Art. 6 Abs. 1 S. 1 lit. a) DSGVO).<\/li>\n<\/ul>\n\n\n\n<h2 class=\"wp-block-heading\" id=\"m182\">Kontakt- und Anfragenverwaltung<\/h2>\n\n\n\n<p>Bei der Kontaktaufnahme mit uns (z.&nbsp;B. per Post, Kontaktformular, E-Mail, Telefon oder via soziale Medien) sowie im Rahmen bestehender Nutzer- und Gesch\u00e4ftsbeziehungen werden die Angaben der anfragenden Personen verarbeitet soweit dies zur Beantwortung der Kontaktanfragen und etwaiger angefragter Ma\u00dfnahmen erforderlich ist.<\/p>\n\n\n\n<ul class=\"wp-block-list\">\n<li><strong>Verarbeitete Datenarten:<\/strong> Kontaktdaten (z.&nbsp;B. E-Mail, Telefonnummern); Inhaltsdaten (z.&nbsp;B. Eingaben in Onlineformularen); Nutzungsdaten (z.&nbsp;B. besuchte Webseiten, Interesse an Inhalten, Zugriffszeiten). Meta-, Kommunikations- und Verfahrensdaten (z.&nbsp;B. IP-Adressen, Zeitangaben, Identifikationsnummern, Einwilligungsstatus).<\/li>\n\n\n\n<li><strong>Betroffene Personen:<\/strong> Kommunikationspartner.<\/li>\n\n\n\n<li><strong>Zwecke der Verarbeitung:<\/strong> Kontaktanfragen und Kommunikation; Verwaltung und Beantwortung von Anfragen; Feedback (z.&nbsp;B. Sammeln von Feedback via Online-Formular). Bereitstellung unseres Onlineangebotes und Nutzerfreundlichkeit.<\/li>\n\n\n\n<li><strong>Rechtsgrundlagen:<\/strong> Berechtigte Interessen (Art. 6 Abs. 1 S. 1 lit. f) DSGVO). Vertragserf\u00fcllung und vorvertragliche Anfragen (Art. 6 Abs. 1 S. 1 lit. b) DSGVO).<\/li>\n<\/ul>\n\n\n\n<p><strong>Weitere Hinweise zu Verarbeitungsprozessen, Verfahren und Diensten:<\/strong><\/p>\n\n\n\n<ul class=\"wp-block-list\">\n<li><strong>Kontaktformular: <\/strong>Wenn Nutzer \u00fcber unser Kontaktformular, E-Mail oder andere Kommunikationswege mit uns in Kontakt treten, verarbeiten wir die uns in diesem Zusammenhang mitgeteilten Daten zur Bearbeitung des mitgeteilten Anliegens; <strong>Rechtsgrundlagen:<\/strong> Vertragserf\u00fcllung und vorvertragliche Anfragen (Art. 6 Abs. 1 S. 1 lit. b) DSGVO), Berechtigte Interessen (Art. 6 Abs. 1 S. 1 lit. f) DSGVO).<\/li>\n<\/ul>\n\n\n\n<h2 class=\"wp-block-heading\" id=\"m638\">Werbliche Kommunikation via E-Mail, Post, Fax oder Telefon<\/h2>\n\n\n\n<p>Wir verarbeiten personenbezogene Daten zu Zwecken der werblichen Kommunikation, die \u00fcber diverse Kan\u00e4le, wie z.&nbsp;B. E-Mail, Telefon, Post oder Fax, entsprechend den gesetzlichen Vorgaben erfolgen kann.<\/p>\n\n\n\n<p>Die Empf\u00e4nger haben das Recht, erteilte Einwilligungen jederzeit zu widerrufen oder der werblichen Kommunikation jederzeit zu widersprechen.<\/p>\n\n\n\n<p>Nach Widerruf oder Widerspruch speichern wir die zum Nachweis der bisherigen Berechtigung erforderlichen Daten zur Kontaktaufnahme oder Zusendung bis zu drei Jahre nach Ablauf des Jahres des Widerrufs oder Widerspruchs auf der Grundlage unserer berechtigten Interessen. Die Verarbeitung dieser Daten ist auf den Zweck einer m\u00f6glichen Abwehr von Anspr\u00fcchen beschr\u00e4nkt. Auf der Grundlage des berechtigten Interesses, den Widerruf bzw. Widerspruch der Nutzer dauerhaft zu beachten, speichern wir ferner die zur Vermeidung einer erneuten Kontaktaufnahme erforderlichen Daten (z.&nbsp;B. je nach Kommunikationskanal die E-Mail-Adresse, Telefonnummer, Name).<\/p>\n\n\n\n<ul class=\"wp-block-list\">\n<li><strong>Verarbeitete Datenarten:<\/strong> Bestandsdaten (z.&nbsp;B. Namen, Adressen). Kontaktdaten (z.&nbsp;B. E-Mail, Telefonnummern).<\/li>\n\n\n\n<li><strong>Betroffene Personen:<\/strong> Kommunikationspartner.<\/li>\n\n\n\n<li><strong>Zwecke der Verarbeitung:<\/strong> Direktmarketing (z.&nbsp;B. per E-Mail oder postalisch).<\/li>\n\n\n\n<li><strong>Rechtsgrundlagen:<\/strong> Einwilligung (Art. 6 Abs. 1 S. 1 lit. a) DSGVO). Berechtigte Interessen (Art. 6 Abs. 1 S. 1 lit. f) DSGVO).<\/li>\n<\/ul>\n\n\n\n<h2 class=\"wp-block-heading\" id=\"m263\">Webanalyse, Monitoring und Optimierung<\/h2>\n\n\n\n<p>Die Webanalyse (auch als &#8222;Reichweitenmessung&#8220; bezeichnet) dient der Auswertung der Besucherstr\u00f6me unseres Onlineangebotes und kann Verhalten, Interessen oder demographische Informationen zu den Besuchern, wie z.&nbsp;B. das Alter oder das Geschlecht, als pseudonyme Werte umfassen. Mit Hilfe der Reichweitenanalyse k\u00f6nnen wir z.&nbsp;B. erkennen, zu welcher Zeit unser Onlineangebot oder dessen Funktionen oder Inhalte am h\u00e4ufigsten genutzt werden oder zur Wiederverwendung einladen. Ebenso k\u00f6nnen wir nachvollziehen, welche Bereiche der Optimierung bed\u00fcrfen.<\/p>\n\n\n\n<p>Neben der Webanalyse k\u00f6nnen wir auch Testverfahren einsetzen, um z.&nbsp;B. unterschiedliche Versionen unseres Onlineangebotes oder seiner Bestandteile zu testen und optimieren.<\/p>\n\n\n\n<p>Sofern nachfolgend nicht anders angegeben, k\u00f6nnen zu diesen Zwecken Profile, d.&nbsp;h. zu einem Nutzungsvorgang zusammengefasste Daten angelegt und Informationen in einem Browser, bzw. in einem Endger\u00e4t gespeichert und aus diesem ausgelesen werden. Zu den erhobenen Angaben geh\u00f6ren insbesondere besuchte Webseiten und dort genutzte Elemente sowie technische Angaben, wie der verwendete Browser, das verwendete Computersystem sowie Angaben zu Nutzungszeiten. Sofern Nutzer in die Erhebung ihrer Standortdaten uns gegen\u00fcber oder gegen\u00fcber den Anbietern der von uns eingesetzten Dienste einverstanden erkl\u00e4rt haben, k\u00f6nnen auch Standortdaten verarbeitet werden.<\/p>\n\n\n\n<p>Es werden ebenfalls die IP-Adressen der Nutzer gespeichert. Jedoch nutzen wir ein IP-Masking-Verfahren (d.&nbsp;h., Pseudonymisierung durch K\u00fcrzung der IP-Adresse) zum Schutz der Nutzer. Generell werden die im Rahmen von Webanalyse, A\/B-Testings und Optimierung keine Klardaten der Nutzer (wie z.&nbsp;B. E-Mail-Adressen oder Namen) gespeichert, sondern Pseudonyme. D.&nbsp;h., wir als auch die Anbieter der eingesetzten Software kennen nicht die tats\u00e4chliche Identit\u00e4t der Nutzer, sondern nur den f\u00fcr Zwecke der jeweiligen Verfahren in deren Profilen gespeicherten Angaben.<\/p>\n\n\n\n<ul class=\"wp-block-list\">\n<li><strong>Verarbeitete Datenarten:<\/strong> Nutzungsdaten (z.&nbsp;B. besuchte Webseiten, Interesse an Inhalten, Zugriffszeiten). Meta-, Kommunikations- und Verfahrensdaten (z.&nbsp;B. IP-Adressen, Zeitangaben, Identifikationsnummern, Einwilligungsstatus).<\/li>\n\n\n\n<li><strong>Betroffene Personen:<\/strong> Nutzer (z.&nbsp;B. Webseitenbesucher, Nutzer von Onlinediensten).<\/li>\n\n\n\n<li><strong>Zwecke der Verarbeitung:<\/strong> Reichweitenmessung (z.&nbsp;B. Zugriffsstatistiken, Erkennung wiederkehrender Besucher); Profile mit nutzerbezogenen Informationen (Erstellen von Nutzerprofilen). Bereitstellung unseres Onlineangebotes und Nutzerfreundlichkeit.<\/li>\n\n\n\n<li><strong>Sicherheitsma\u00dfnahmen:<\/strong> IP-Masking (Pseudonymisierung der IP-Adresse).<\/li>\n\n\n\n<li><strong>Rechtsgrundlagen:<\/strong> Einwilligung (Art. 6 Abs. 1 S. 1 lit. a) DSGVO). Berechtigte Interessen (Art. 6 Abs. 1 S. 1 lit. f) DSGVO).<\/li>\n<\/ul>\n\n\n\n<p><strong>Weitere Hinweise zu Verarbeitungsprozessen, Verfahren und Diensten:<\/strong><\/p>\n\n\n\n<ul class=\"wp-block-list\">\n<li><strong>Google Analytics: <\/strong>Wir verwenden Google Analytics zur Messung und Analyse der Nutzung unseres Onlineangebotes auf der Grundlage einer pseudonymen Nutzeridentifikationsnummer. Diese Identifikationsnummer enth\u00e4lt keine eindeutigen Daten, wie Namen oder E-Mail-Adressen. Sie dient dazu, Analyseinformationen einem Endger\u00e4t zuzuordnen, um zu erkennen, welche Inhalte die Nutzer innerhalb eines oder verschiedener Nutzungsvorg\u00e4nge aufgerufen haben, welche Suchbegriffe sie verwendet haben, diese erneut aufgerufen haben oder mit unserem Onlineangebot interagiert haben. Ebenso werden der Zeitpunkt der Nutzung und deren Dauer gespeichert, sowie die Quellen der Nutzer, die auf unser Onlineangebot verweisen und technische Aspekte ihrer Endger\u00e4te und Browser.<br>Dabei werden pseudonyme Profile von Nutzern mit Informationen aus der Nutzung verschiedener Ger\u00e4te erstellt, wobei Cookies eingesetzt werden k\u00f6nnen. Google Analytics protokolliert und speichert keine individuellen IP-Adressen f\u00fcr EU-Nutzer. Analytics stellt jedoch grobe geografische Standortdaten bereit, indem es die folgenden Metadaten von IP-Adressen ableitet: Stadt (und der abgeleitete Breiten- und L\u00e4ngengrad der Stadt), Kontinent, Land, Region, Subkontinent (und ID-basierte Gegenst\u00fccke). Beim EU-Datenverkehr werden die IP-Adressdaten ausschlie\u00dflich f\u00fcr diese Ableitung von Geolokalisierungsdaten verwendet, bevor sie sofort gel\u00f6scht werden. Sie werden nicht protokolliert, sind nicht zug\u00e4nglich und werden nicht f\u00fcr weitere Verwendungszwecke genutzt. Wenn Google Analytics Messdaten sammelt, werden alle IP-Abfragen auf EU-basierten Servern durchgef\u00fchrt, bevor der Verkehr zur Verarbeitung an Analytics-Server weitergeleitet wird; <strong>Dienstanbieter:<\/strong> Google Ireland Limited, Gordon House, Barrow Street, Dublin 4, Irland; <strong>Rechtsgrundlagen:<\/strong> Einwilligung (Art. 6 Abs. 1 S. 1 lit. a) DSGVO); <strong>Website:<\/strong> <a href=\"https:\/\/marketingplatform.google.com\/intl\/de\/about\/analytics\/\" target=\"_blank\" rel=\"noreferrer noopener\">https:\/\/marketingplatform.google.com\/intl\/de\/about\/analytics\/<\/a>; <strong>Sicherheitsma\u00dfnahmen:<\/strong> IP-Masking (Pseudonymisierung der IP-Adresse); <strong>Datenschutzerkl\u00e4rung:<\/strong> <a href=\"https:\/\/policies.google.com\/privacy\" target=\"_blank\" rel=\"noreferrer noopener\">https:\/\/policies.google.com\/privacy<\/a>; <strong>Auftragsverarbeitungsvertrag:<\/strong> <a href=\"https:\/\/business.safety.google\/adsprocessorterms\/\" target=\"_blank\" rel=\"noreferrer noopener\">https:\/\/business.safety.google\/adsprocessorterms\/<\/a>; <strong>Grundlage Drittlandtransfers:<\/strong> Data Privacy Framework (DPF); <strong>Widerspruchsm\u00f6glichkeit (Opt-Out):<\/strong> Opt-Out-Plugin: <a href=\"https:\/\/tools.google.com\/dlpage\/gaoptout?hl=de\" target=\"_blank\" rel=\"noreferrer noopener\">https:\/\/tools.google.com\/dlpage\/gaoptout?hl=de<\/a>, Einstellungen f\u00fcr die Darstellung von Werbeeinblendungen: <a href=\"https:\/\/myadcenter.google.com\/personalizationoff\" target=\"_blank\" rel=\"noreferrer noopener\">https:\/\/myadcenter.google.com\/personalizationoff<\/a>. <strong>Weitere Informationen:<\/strong> <a href=\"https:\/\/business.safety.google\/adsservices\/\" target=\"_blank\" rel=\"noreferrer noopener\">https:\/\/business.safety.google\/adsservices\/<\/a> (Arten der Verarbeitung sowie der verarbeiteten Daten).<\/li>\n\n\n\n<li><strong>Jetpack (WordPress Stats): <\/strong>Jetpack bietet Analyse &#8211; Funktionen f\u00fcr WordPress-Software; <strong>Dienstanbieter:<\/strong> Aut O\u2019Mattic A8C Irland Ltd., Grand Canal Dock, 25 Herbert Pl, Dublin, D02 AY86, Irland; <strong>Rechtsgrundlagen:<\/strong> Einwilligung (Art. 6 Abs. 1 S. 1 lit. a) DSGVO); <strong>Website:<\/strong> <a href=\"https:\/\/automattic.com\" target=\"_blank\" rel=\"noreferrer noopener\">https:\/\/automattic.com<\/a>; <strong>Datenschutzerkl\u00e4rung:<\/strong> <a href=\"https:\/\/automattic.com\/privacy\" target=\"_blank\" rel=\"noreferrer noopener\">https:\/\/automattic.com\/privacy<\/a>. <strong>Grundlage Drittlandtransfers:<\/strong> Data Privacy Framework (DPF).<\/li>\n\n\n\n<li><strong>VG Wort \/ Skalierbares Zentrales Messverfahren: <\/strong>VG Wort \/ Skalierbares Zentrales Messverfahren &#8211; Wir setzen die METIS-Zugriffsz\u00e4hlung der VG WORT zur Messung von Zugriffen auf Online-Texte ein, die wir Ihnen \u00fcber unser Angebot zur Verf\u00fcgung stellen. Dies tun wir, damit die Kopierwahrscheinlichkeit dieser Texte erfasst werden kann. Die Kopierwahrscheinlichkeit eines Textes bildet die Grundlage einer rechtm\u00e4\u00dfigen Aussch\u00fcttung von Verg\u00fctungen nach dem Urheberrechtsgesetz (UrhG) seitens der VG WORT an die Urheber und Verlage dieser Texte. Dazu wird im Rahmen der METIS-Zugriffsz\u00e4hlung eine \u201eZ\u00e4hlmarke&#8220; in den Quellcode des jeweiligen Online-Textes eingebunden. Diese Z\u00e4hlmarke ist eine eindeutig diesem jeweiligen Text zugeordnete ID und f\u00fchrt dazu, dass beim Besuch eines so gekennzeichneten Textes ein Zugriff auf diesen Text gez\u00e4hlt werden kann. Dar\u00fcber hinaus wird im Rahmen der METIS-Zugriffsz\u00e4hlung eine Client-ID gebildet und ein sog. \u201eMETIS Session Cookie&#8220; beim Nutzer des markierten Textes gesetzt. Mittels dieser Client-ID und des Session Cookie kann erkannt werden, ob innerhalb einer Browser-Session der Text von diesem Nutzer bereits aufgerufen wurde oder nicht. Damit sollen unrechtm\u00e4\u00dfige Mehrfachz\u00e4hlungen dieses Textes im Rahmen der Bestimmung seiner Kopierwahrscheinlichkeit vermieden werden. Weder durch das ausgespielte Session-Cookie noch sonst zu irgendeinem Zeitpunkt im Rahmen der METIS-Zugriffsz\u00e4hlung werden personenbezogene Daten verarbeitet. Zu keinem Zeitpunkt werden einzelne Nutzer identifiziert. Ihre Identit\u00e4t bleibt immer gesch\u00fctzt. Sie erhalten \u00fcber das System keine Werbung; <strong>Dienstanbieter:<\/strong> Verwertungsgesellschaft WORT (VG WORT), Untere Weidenstra\u00dfe 5, 81543 M\u00fcnchen, Deutschland; <strong>Rechtsgrundlagen:<\/strong> Berechtigte Interessen (Art. 6 Abs. 1 S. 1 lit. f) DSGVO); <strong>Website:<\/strong> <a href=\"https:\/\/www.vgwort.de\" target=\"_blank\" rel=\"noreferrer noopener\">https:\/\/www.vgwort.de<\/a>. <strong>Datenschutzerkl\u00e4rung:<\/strong> <a href=\"https:\/\/www.vgwort.de\/datenschutz.html\" target=\"_blank\" rel=\"noreferrer noopener\">https:\/\/www.vgwort.de\/datenschutz.html<\/a>.<\/li>\n<\/ul>\n\n\n\n<h2 class=\"wp-block-heading\" id=\"m328\">Plugins und eingebettete Funktionen sowie Inhalte<\/h2>\n\n\n\n<p>Wir binden in unser Onlineangebot Funktions- und Inhaltselemente ein, die von den Servern ihrer jeweiligen Anbieter (nachfolgend bezeichnet als &#8222;Drittanbieter&#8220;) bezogen werden. Dabei kann es sich zum Beispiel um Grafiken, Videos oder Stadtpl\u00e4ne handeln (nachfolgend einheitlich bezeichnet als &#8222;Inhalte&#8220;).<\/p>\n\n\n\n<p>Die Einbindung setzt immer voraus, dass die Drittanbieter dieser Inhalte die IP-Adresse der Nutzer verarbeiten, da sie ohne die IP-Adresse die Inhalte nicht an deren Browser senden k\u00f6nnten. Die IP-Adresse ist damit f\u00fcr die Darstellung dieser Inhalte oder Funktionen erforderlich. Wir bem\u00fchen uns, nur solche Inhalte zu verwenden, deren jeweilige Anbieter die IP-Adresse lediglich zur Auslieferung der Inhalte verwenden. Drittanbieter k\u00f6nnen ferner sogenannte Pixel-Tags (unsichtbare Grafiken, auch als &#8222;Web Beacons&#8220; bezeichnet) f\u00fcr statistische oder Marketingzwecke verwenden. Durch die &#8222;Pixel-Tags&#8220; k\u00f6nnen Informationen, wie der Besucherverkehr auf den Seiten dieser Webseite, ausgewertet werden. Die pseudonymen Informationen k\u00f6nnen ferner in Cookies auf dem Ger\u00e4t der Nutzer gespeichert werden und unter anderem technische Informationen zum Browser und zum Betriebssystem, zu verweisenden Webseiten, zur Besuchszeit sowie weitere Angaben zur Nutzung unseres Onlineangebotes enthalten als auch mit solchen Informationen aus anderen Quellen verbunden werden.<\/p>\n\n\n\n<ul class=\"wp-block-list\">\n<li><strong>Verarbeitete Datenarten:<\/strong> Nutzungsdaten (z.&nbsp;B. besuchte Webseiten, Interesse an Inhalten, Zugriffszeiten); Meta-, Kommunikations- und Verfahrensdaten (z.&nbsp;B. IP-Adressen, Zeitangaben, Identifikationsnummern, Einwilligungsstatus); Standortdaten (Angaben zur geografischen Position eines Ger\u00e4tes oder einer Person); Kontaktdaten (z.&nbsp;B. E-Mail, Telefonnummern). Inhaltsdaten (z.&nbsp;B. Eingaben in Onlineformularen).<\/li>\n\n\n\n<li><strong>Betroffene Personen:<\/strong> Nutzer (z.&nbsp;B. Webseitenbesucher, Nutzer von Onlinediensten).<\/li>\n\n\n\n<li><strong>Zwecke der Verarbeitung:<\/strong> Bereitstellung unseres Onlineangebotes und Nutzerfreundlichkeit. Feedback (z.&nbsp;B. Sammeln von Feedback via Online-Formular).<\/li>\n\n\n\n<li><strong>Rechtsgrundlagen:<\/strong> Berechtigte Interessen (Art. 6 Abs. 1 S. 1 lit. f) DSGVO). Einwilligung (Art. 6 Abs. 1 S. 1 lit. a) DSGVO).<\/li>\n<\/ul>\n\n\n\n<p><strong>Weitere Hinweise zu Verarbeitungsprozessen, Verfahren und Diensten:<\/strong><\/p>\n\n\n\n<ul class=\"wp-block-list\">\n<li><strong>Google Fonts (Bezug vom Google Server): <\/strong>Bezug von Schriften (und Symbolen) zum Zwecke einer technisch sicheren, wartungsfreien und effizienten Nutzung von Schriften und Symbolen im Hinblick auf Aktualit\u00e4t und Ladezeiten, deren einheitliche Darstellung und Ber\u00fccksichtigung m\u00f6glicher lizenzrechtlicher Beschr\u00e4nkungen. Dem Anbieter der Schriftarten wird die IP-Adresse des Nutzers mitgeteilt, damit die Schriftarten im Browser des Nutzers zur Verf\u00fcgung gestellt werden k\u00f6nnen. Dar\u00fcber hinaus werden technische Daten (Spracheinstellungen, Bildschirmaufl\u00f6sung, Betriebssystem, verwendete Hardware) \u00fcbermittelt, die f\u00fcr die Bereitstellung der Schriften in Abh\u00e4ngigkeit von den verwendeten Ger\u00e4ten und der technischen Umgebung notwendig sind. Diese Daten k\u00f6nnen auf einem Server des Anbieters der Schriftarten in den USA verarbeitet werden &#8211; Beim Besuch unseres Onlineangebotes senden die Browser der Nutzer ihre Browser HTTP-Anfragen an die Google Fonts Web API (d.&nbsp;h. eine Softwareschnittstelle f\u00fcr den Abruf der Schriftarten). Die Google Fonts Web API stellt den Nutzern die Cascading Style Sheets (CSS) von Google Fonts und danach die in der CCS angegebenen Schriftarten zur Verf\u00fcgung. Zu diesen HTTP-Anfragen geh\u00f6ren (1) die vom jeweiligen Nutzer f\u00fcr den Zugriff auf das Internet verwendete IP-Adresse, (2) die angeforderte URL auf dem Google-Server und (3) die HTTP-Header, einschlie\u00dflich des User-Agents, der die Browser- und Betriebssystemversionen der Websitebesucher beschreibt, sowie die Verweis-URL (d.&nbsp;h. die Webseite, auf der die Google-Schriftart angezeigt werden soll). IP-Adressen werden weder auf Google-Servern protokolliert noch gespeichert und sie werden nicht analysiert. Die Google Fonts Web API protokolliert Details der HTTP-Anfragen (angeforderte URL, User-Agent und Verweis-URL). Der Zugriff auf diese Daten ist eingeschr\u00e4nkt und streng kontrolliert. Die angeforderte URL identifiziert die Schriftfamilien, f\u00fcr die der Nutzer Schriftarten laden m\u00f6chte. Diese Daten werden protokolliert, damit Google bestimmen kann, wie oft eine bestimmte Schriftfamilie angefordert wird. Bei der Google Fonts Web API muss der User-Agent die Schriftart anpassen, die f\u00fcr den jeweiligen Browsertyp generiert wird. Der User-Agent wird in erster Linie zum Debugging protokolliert und verwendet, um aggregierte Nutzungsstatistiken zu generieren, mit denen die Beliebtheit von Schriftfamilien gemessen wird. Diese zusammengefassten Nutzungsstatistiken werden auf der Seite \u201eAnalysen&#8220; von Google Fonts ver\u00f6ffentlicht. Schlie\u00dflich wird die Verweis-URL protokolliert, sodass die Daten f\u00fcr die Wartung der Produktion verwendet und ein aggregierter Bericht zu den Top-Integrationen basierend auf der Anzahl der Schriftartenanfragen generiert werden kann. Google verwendet laut eigener Auskunft keine der von Google Fonts erfassten Informationen, um Profile von Endnutzern zu erstellen oder zielgerichtete Anzeigen zu schalten; <strong>Dienstanbieter:<\/strong> Google Ireland Limited, Gordon House, Barrow Street, Dublin 4, Irland; <strong>Rechtsgrundlagen:<\/strong> Berechtigte Interessen (Art. 6 Abs. 1 S. 1 lit. f) DSGVO); <strong>Website:<\/strong> <a href=\"https:\/\/fonts.google.com\/\" target=\"_blank\" rel=\"noreferrer noopener\">https:\/\/fonts.google.com\/<\/a>; <strong>Datenschutzerkl\u00e4rung:<\/strong> <a href=\"https:\/\/policies.google.com\/privacy\" target=\"_blank\" rel=\"noreferrer noopener\">https:\/\/policies.google.com\/privacy<\/a>; <strong>Grundlage Drittlandtransfers:<\/strong> Data Privacy Framework (DPF). <strong>Weitere Informationen:<\/strong> <a href=\"https:\/\/developers.google.com\/fonts\/faq\/privacy?hl=de\" target=\"_blank\" rel=\"noreferrer noopener\">https:\/\/developers.google.com\/fonts\/faq\/privacy?hl=de<\/a>.<\/li>\n\n\n\n<li><strong>Google Maps: <\/strong>Wir binden die Landkarten des Dienstes &#8222;Google Maps&#8220; des Anbieters Google ein. Zu den verarbeiteten Daten k\u00f6nnen insbesondere IP-Adressen und Standortdaten der Nutzer geh\u00f6ren; <strong>Dienstanbieter:<\/strong> Google Cloud EMEA Limited, 70 Sir John Rogerson\u2019s Quay, Dublin 2, Irland; <strong>Rechtsgrundlagen:<\/strong> Einwilligung (Art. 6 Abs. 1 S. 1 lit. a) DSGVO); <strong>Website:<\/strong> <a href=\"https:\/\/mapsplatform.google.com\/\" target=\"_blank\" rel=\"noreferrer noopener\">https:\/\/mapsplatform.google.com\/<\/a>; <strong>Datenschutzerkl\u00e4rung:<\/strong> <a href=\"https:\/\/policies.google.com\/privacy\" target=\"_blank\" rel=\"noreferrer noopener\">https:\/\/policies.google.com\/privacy<\/a>. <strong>Grundlage Drittlandtransfers:<\/strong> Data Privacy Framework (DPF).<\/li>\n\n\n\n<li><strong>Shariff: <\/strong>Wir verwenden die datenschutzsicheren &#8222;Shariff&#8220;-Schaltfl\u00e4chen. &#8222;Shariff&#8220; wurde entwickelt, um mehr Privatsph\u00e4re im Netz zu erm\u00f6glichen und die \u00fcblichen &#8222;Share&#8220;-Buttons der sozialen Netzwerke zu ersetzen. Dabei stellt nicht der Browser der Nutzer, sondern der Server, auf dem sich dieses Onlineangebot befindet, eine Verbindung mit dem Server der jeweiligen Social-Media-Plattformen her und fragt z.&nbsp;B. die Anzahl von Likes ab. Der Nutzer bleibt anonym. Mehr Informationen zum Shariff-Projekt finden Sie bei den Entwicklern des Magazins c&#8217;t: <a href=\"https:\/\/www.heise.de\/hintergrund\/Ein-Shariff-fuer-mehr-Datenschutz-2467514.html\" target=\"_blank\" rel=\"noreferrer noopener\">https:\/\/www.heise.de\/hintergrund\/Ein-Shariff-fuer-mehr-Datenschutz-2467514.html<\/a>; <strong>Dienstanbieter:<\/strong> Heise Medien GmbH &amp; Co. KG, Karl-Wiechert-Allee 10, 30625 Hannover, Deutschland; <strong>Rechtsgrundlagen:<\/strong> Berechtigte Interessen (Art. 6 Abs. 1 S. 1 lit. f) DSGVO); <strong>Website:<\/strong> <a href=\"https:\/\/www.heise.de\/ct\/artikel\/Shariff-Social-Media-Buttons-mit-Datenschutz-2467514.html\" target=\"_blank\" rel=\"noreferrer noopener\">https:\/\/www.heise.de\/ct\/artikel\/Shariff-Social-Media-Buttons-mit-Datenschutz-2467514.html<\/a>. <strong>Datenschutzerkl\u00e4rung:<\/strong> <a href=\"https:\/\/www.heise.de\/Datenschutzerklaerung-der-Heise-Medien-GmbH-Co-KG-4860.html\" target=\"_blank\" rel=\"noreferrer noopener\">https:\/\/www.heise.de\/Datenschutzerklaerung-der-Heise-Medien-GmbH-Co-KG-4860.html<\/a>.<\/li>\n<\/ul>\n\n\n\n<h2 class=\"wp-block-heading\" id=\"m42\">Begriffsdefinitionen<\/h2>\n\n\n\n<p>In diesem Abschnitt erhalten Sie eine \u00dcbersicht \u00fcber die in dieser Datenschutzerkl\u00e4rung verwendeten Begrifflichkeiten. Soweit die Begrifflichkeiten gesetzlich definiert sind, gelten deren gesetzliche Definitionen. Die nachfolgenden Erl\u00e4uterungen sollen dagegen vor allem dem Verst\u00e4ndnis dienen.<\/p>\n\n\n\n<ul class=\"wp-block-list\">\n<li><strong>Firewall:<\/strong> Eine Firewall ist ein Sicherungssystem, das ein Rechnernetz oder einen einzelnen Computer vor unerw\u00fcnschten Netzwerkzugriffen sch\u00fctzt.<\/li>\n\n\n\n<li><strong>Personenbezogene Daten:<\/strong> &#8222;Personenbezogene Daten&#8220; sind alle Informationen, die sich auf eine identifizierte oder identifizierbare nat\u00fcrliche Person (im Folgenden &#8222;betroffene Person&#8220;) beziehen; als identifizierbar wird eine nat\u00fcrliche Person angesehen, die direkt oder indirekt, insbesondere mittels Zuordnung zu einer Kennung wie einem Namen, zu einer Kennnummer, zu Standortdaten, zu einer Online-Kennung (z.&nbsp;B. Cookie) oder zu einem oder mehreren besonderen Merkmalen identifiziert werden kann, die Ausdruck der physischen, physiologischen, genetischen, psychischen, wirtschaftlichen, kulturellen oder sozialen Identit\u00e4t dieser nat\u00fcrlichen Person sind.<\/li>\n\n\n\n<li><strong>Profile mit nutzerbezogenen Informationen:<\/strong> Die Verarbeitung von &#8222;Profilen mit nutzerbezogenen Informationen&#8220;, bzw. kurz &#8222;Profilen&#8220; umfasst jede Art der automatisierten Verarbeitung personenbezogener Daten, die darin besteht, dass diese personenbezogenen Daten verwendet werden, um bestimmte pers\u00f6nliche Aspekte, die sich auf eine nat\u00fcrliche Person beziehen (je nach Art der Profilbildung k\u00f6nnen dazu unterschiedliche Informationen betreffend die Demographie, Verhalten und Interessen, wie z.&nbsp;B. die Interaktion mit Webseiten und deren Inhalten, etc.) zu analysieren, zu bewerten oder, um sie vorherzusagen (z.&nbsp;B. die Interessen an bestimmten Inhalten oder Produkten, das Klickverhalten auf einer Webseite oder den Aufenthaltsort). Zu Zwecken des Profilings werden h\u00e4ufig Cookies und Web-Beacons eingesetzt.<\/li>\n\n\n\n<li><strong>Reichweitenmessung:<\/strong> Die Reichweitenmessung (auch als Web Analytics bezeichnet) dient der Auswertung der Besucherstr\u00f6me eines Onlineangebotes und kann das Verhalten oder Interessen der Besucher an bestimmten Informationen, wie z.&nbsp;B. Inhalten von Webseiten, umfassen. Mit Hilfe der Reichweitenanalyse k\u00f6nnen Betreiber von Onlineangeboten z.&nbsp;B. erkennen, zu welcher Zeit Nutzer ihre Webseiten besuchen und f\u00fcr welche Inhalte sie sich interessieren. Dadurch k\u00f6nnen sie z.&nbsp;B. die Inhalte der Webseiten besser an die Bed\u00fcrfnisse ihrer Besucher anpassen. Zu Zwecken der Reichweitenanalyse werden h\u00e4ufig pseudonyme Cookies und Web-Beacons eingesetzt, um wiederkehrende Besucher zu erkennen und so genauere Analysen zur Nutzung eines Onlineangebotes zu erhalten.<\/li>\n\n\n\n<li><strong>Standortdaten:<\/strong> Standortdaten entstehen, wenn sich ein mobiles Ger\u00e4t (oder ein anderes Ger\u00e4t mit den technischen Voraussetzungen einer Standortbestimmung) mit einer Funkzelle, einem WLAN oder \u00e4hnlichen technischen Mitteln und Funktionen der Standortbestimmung, verbindet. Standortdaten dienen der Angabe, an welcher geografisch bestimmbaren Position der Erde sich das jeweilige Ger\u00e4t befindet. Standortdaten k\u00f6nnen z.&nbsp;B. eingesetzt werden, um Kartenfunktionen oder andere von einem Ort abh\u00e4ngige Informationen darzustellen.<\/li>\n\n\n\n<li><strong>Verantwortlicher:<\/strong> Als &#8222;Verantwortlicher&#8220; wird die nat\u00fcrliche oder juristische Person, Beh\u00f6rde, Einrichtung oder andere Stelle, die allein oder gemeinsam mit anderen \u00fcber die Zwecke und Mittel der Verarbeitung von personenbezogenen Daten entscheidet, bezeichnet.<\/li>\n\n\n\n<li><strong>Verarbeitung:<\/strong> &#8222;Verarbeitung&#8220; ist jeder mit oder ohne Hilfe automatisierter Verfahren ausgef\u00fchrte Vorgang oder jede solche Vorgangsreihe im Zusammenhang mit personenbezogenen Daten. Der Begriff reicht weit und umfasst praktisch jeden Umgang mit Daten, sei es das Erheben, das Auswerten, das Speichern, das \u00dcbermitteln oder das L\u00f6schen.<\/li>\n<\/ul>\n\n\n\n<p><a href=\"https:\/\/datenschutz-generator.de\/\" data-type=\"link\" data-id=\"https:\/\/datenschutz-generator.de\/\" target=\"_blank\" rel=\"noreferrer noopener\">Dankesch\u00f6n an die Rechtsanwaltskanzlei Dr. Thomas Schwenke in Berlin, die Vereinen die kostenlose Nutzung ihres Angebots &#8222;Datenschutz-Generator.de&#8220; erm\u00f6glicht.<\/a><\/p>\n","protected":false},"excerpt":{"rendered":"<p>Pr\u00e4ambel Mit der folgenden Datenschutzerkl\u00e4rung m\u00f6chten wir Sie dar\u00fcber aufkl\u00e4ren, welche Arten Ihrer personenbezogenen Daten (nachfolgend auch kurz als &#8222;Daten&#8220; bezeichnet) wir zu welchen Zwecken und in welchem Umfang verarbeiten.<\/p>\n","protected":false},"author":1,"featured_media":420,"parent":0,"menu_order":0,"comment_status":"closed","ping_status":"closed","template":"","meta":{"footnotes":""},"class_list":["post-18","page","type-page","status-publish","has-post-thumbnail","hentry"],"_links":{"self":[{"href":"https:\/\/www.toenisvorster-hilfe.de\/index.php?rest_route=\/wp\/v2\/pages\/18","targetHints":{"allow":["GET"]}}],"collection":[{"href":"https:\/\/www.toenisvorster-hilfe.de\/index.php?rest_route=\/wp\/v2\/pages"}],"about":[{"href":"https:\/\/www.toenisvorster-hilfe.de\/index.php?rest_route=\/wp\/v2\/types\/page"}],"author":[{"embeddable":true,"href":"https:\/\/www.toenisvorster-hilfe.de\/index.php?rest_route=\/wp\/v2\/users\/1"}],"replies":[{"embeddable":true,"href":"https:\/\/www.toenisvorster-hilfe.de\/index.php?rest_route=%2Fwp%2Fv2%2Fcomments&post=18"}],"version-history":[{"count":3,"href":"https:\/\/www.toenisvorster-hilfe.de\/index.php?rest_route=\/wp\/v2\/pages\/18\/revisions"}],"predecessor-version":[{"id":441,"href":"https:\/\/www.toenisvorster-hilfe.de\/index.php?rest_route=\/wp\/v2\/pages\/18\/revisions\/441"}],"wp:featuredmedia":[{"embeddable":true,"href":"https:\/\/www.toenisvorster-hilfe.de\/index.php?rest_route=\/wp\/v2\/media\/420"}],"wp:attachment":[{"href":"https:\/\/www.toenisvorster-hilfe.de\/index.php?rest_route=%2Fwp%2Fv2%2Fmedia&parent=18"}],"curies":[{"name":"wp","href":"https:\/\/api.w.org\/{rel}","templated":true}]}}